{"id":10017,"date":"2026-03-04T09:28:26","date_gmt":"2026-03-04T15:28:26","guid":{"rendered":"https:\/\/www.kenoshafuneralhome.com\/?page_id=10017"},"modified":"2026-04-01T09:25:08","modified_gmt":"2026-04-01T14:25:08","slug":"biografia-de-marcy-riley","status":"publish","type":"page","link":"https:\/\/www.kenoshafuneralhome.com\/es\/our-team\/marcy-riley-bio\/","title":{"rendered":"Marcy Riley"},"content":{"rendered":"<p><div class=\"fusion-fullwidth fullwidth-box fusion-builder-row-1 fusion-flex-container has-pattern-background has-mask-background nonhundred-percent-fullwidth non-hundred-percent-height-scrolling\" style=\"--awb-border-radius-top-left:0px;--awb-border-radius-top-right:0px;--awb-border-radius-bottom-right:0px;--awb-border-radius-bottom-left:0px;--awb-flex-wrap:wrap;\" ><div class=\"fusion-builder-row fusion-row fusion-flex-align-items-flex-start fusion-flex-content-wrap\" style=\"max-width:1248px;margin-left: calc(-4% \/ 2 );margin-right: calc(-4% \/ 2 );\"><div class=\"fusion-layout-column fusion_builder_column fusion-builder-column-0 fusion_builder_column_1_3 1_3 fusion-flex-column\" style=\"--awb-bg-size:cover;--awb-width-large:33.333333333333%;--awb-margin-top-large:0px;--awb-spacing-right-large:5.76%;--awb-margin-bottom-large:20px;--awb-spacing-left-large:5.76%;--awb-width-medium:100%;--awb-order-medium:0;--awb-spacing-right-medium:1.92%;--awb-spacing-left-medium:1.92%;--awb-width-small:100%;--awb-order-small:0;--awb-spacing-right-small:1.92%;--awb-spacing-left-small:1.92%;\"><div class=\"fusion-column-wrapper fusion-column-has-shadow fusion-flex-justify-content-flex-start fusion-content-layout-column\"><div class=\"fusion-image-element\" style=\"--awb-caption-title-font-family:var(--h2_typography-font-family);--awb-caption-title-font-weight:var(--h2_typography-font-weight);--awb-caption-title-font-style:var(--h2_typography-font-style);--awb-caption-title-size:var(--h2_typography-font-size);--awb-caption-title-transform:var(--h2_typography-text-transform);--awb-caption-title-line-height:var(--h2_typography-line-height);--awb-caption-title-letter-spacing:var(--h2_typography-letter-spacing);\"><span class=\"fusion-imageframe imageframe-none imageframe-1 hover-type-none\"><img decoding=\"async\" width=\"1667\" height=\"1667\" alt=\"Foto de Marcy Riley\" title=\"Foto de Marcy Riley\" src=\"https:\/\/www.kenoshafuneralhome.com\/wp-content\/uploads\/2026\/02\/Marcy-Riley_Headshot.png\" class=\"img-responsive wp-image-9765\" srcset=\"https:\/\/www.kenoshafuneralhome.com\/wp-content\/uploads\/2026\/02\/Marcy-Riley_Headshot-200x200.png 200w, https:\/\/www.kenoshafuneralhome.com\/wp-content\/uploads\/2026\/02\/Marcy-Riley_Headshot-400x400.png 400w, https:\/\/www.kenoshafuneralhome.com\/wp-content\/uploads\/2026\/02\/Marcy-Riley_Headshot-600x600.png 600w, https:\/\/www.kenoshafuneralhome.com\/wp-content\/uploads\/2026\/02\/Marcy-Riley_Headshot-800x800.png 800w, https:\/\/www.kenoshafuneralhome.com\/wp-content\/uploads\/2026\/02\/Marcy-Riley_Headshot-1200x1200.png 1200w, https:\/\/www.kenoshafuneralhome.com\/wp-content\/uploads\/2026\/02\/Marcy-Riley_Headshot.png 1667w\" sizes=\"(max-width: 1024px) 100vw, (max-width: 640px) 100vw, 400px\" \/><\/span><\/div><div class=\"fusion-title title fusion-title-1 fusion-sep-none fusion-title-text fusion-title-size-five\" style=\"--awb-text-color:var(--awb-color8);--awb-margin-top:35px;--awb-margin-top-small:35px;--awb-margin-right-small:0px;--awb-margin-bottom-small:20px;--awb-margin-left-small:0px;--awb-font-size:20px;\"><h5 class=\"fusion-title-heading title-heading-left fusion-responsive-typography-calculated\" style=\"font-family:&quot;Playfair Display&quot;;font-style:normal;font-weight:700;margin:0;font-size:1em;--fontSize:20;--minFontSize:20;line-height:1.4;\">Ponte en contacto con Marcy<\/h5><\/div><div ><a class=\"fusion-button button-flat fusion-button-default-size button-custom fusion-button-default button-1 fusion-button-default-span fusion-button-default-type\" style=\"--button_accent_color:var(--awb-custom_color_3);--button_border_color:var(--awb-custom_color_3);--button_accent_hover_color:var(--awb-custom_color_3);--button_border_hover_color:var(--awb-custom_color_3);--button-border-radius-top-left:0;--button-border-radius-top-right:0;--button-border-radius-bottom-right:0;--button-border-radius-bottom-left:0;--button_gradient_top_color:transparent;--button_gradient_bottom_color:transparent;--button_gradient_top_color_hover:transparent;--button_gradient_bottom_color_hover:transparent;--button_padding-left:0px;--button_typography-font-family:&quot;Open Sans&quot;;--button_typography-font-style:normal;--button_typography-font-weight:400;\" target=\"_self\" href=\"tel:262-658-4101\"><i class=\"fa-phone fas awb-button__icon awb-button__icon--default button-icon-left\" aria-hidden=\"true\"><\/i><span class=\"fusion-button-text awb-button__text awb-button__text--default\">262-658-4101<\/span><\/a><\/div><div ><a class=\"fusion-button button-flat fusion-button-default-size button-custom fusion-button-default button-2 fusion-button-default-span fusion-button-default-type\" style=\"--button_accent_color:var(--awb-custom_color_3);--button_border_color:var(--awb-custom_color_3);--button_accent_hover_color:var(--awb-custom_color_3);--button_border_hover_color:var(--awb-custom_color_3);--button-border-radius-top-left:0;--button-border-radius-top-right:0;--button-border-radius-bottom-right:0;--button-border-radius-bottom-left:0;--button_gradient_top_color:transparent;--button_gradient_bottom_color:transparent;--button_gradient_top_color_hover:transparent;--button_gradient_bottom_color_hover:transparent;--button_padding-left:0px;--button_typography-font-family:&quot;Open Sans&quot;;--button_typography-font-style:normal;--button_typography-font-weight:400;\" target=\"_self\" href=\"mailto:director@piaseckifuneral.com\"><i class=\"fa-envelope fas awb-button__icon awb-button__icon--default button-icon-left\" aria-hidden=\"true\"><\/i><span class=\"fusion-button-text awb-button__text awb-button__text--default\">director@piaseckifuneral.com<\/span><\/a><\/div><\/div><\/div><div class=\"fusion-layout-column fusion_builder_column fusion-builder-column-1 fusion_builder_column_2_3 2_3 fusion-flex-column\" style=\"--awb-bg-size:cover;--awb-width-large:66.666666666667%;--awb-margin-top-large:0px;--awb-spacing-right-large:2.88%;--awb-margin-bottom-large:20px;--awb-spacing-left-large:2.88%;--awb-width-medium:100%;--awb-order-medium:0;--awb-spacing-right-medium:1.92%;--awb-spacing-left-medium:1.92%;--awb-width-small:100%;--awb-order-small:0;--awb-spacing-right-small:1.92%;--awb-spacing-left-small:1.92%;\"><div class=\"fusion-column-wrapper fusion-column-has-shadow fusion-flex-justify-content-flex-start fusion-content-layout-column\"><div class=\"fusion-text fusion-text-1\"><p class=\"font-claude-response-body break-words whitespace-normal leading-&#091;1.7&#093;\">El camino de Marcy Riley hacia el sector funerario comenz\u00f3 con un giro inesperado en su vida \u2014y con un sentido de prop\u00f3sito que result\u00f3 imposible de ignorar\u2014. Aunque en un principio ten\u00eda pensado dedicarse a su pasi\u00f3n por la reposter\u00eda en el Culinary Institute of America de Nueva York, Marcy se sinti\u00f3 atra\u00edda por una vocaci\u00f3n que le ofrec\u00eda algo m\u00e1s profundo: la oportunidad de acompa\u00f1ar a las familias en los momentos m\u00e1s dif\u00edciles de la vida y encontrar una verdadera satisfacci\u00f3n en un trabajo significativo.<\/p>\n<p class=\"font-claude-response-body break-words whitespace-normal leading-&#091;1.7&#093;\">Marcy, quien se gradu\u00f3 en 2020 de la Escuela Secundaria Central Reuther, se dedic\u00f3 por completo a su nueva trayectoria y obtuvo un t\u00edtulo de T\u00e9cnico Superior en Ciencias Funerarias en el Instituto de Servicios Funerarios de Dallas en junio de 2025. Durante sus estudios, se destac\u00f3 acad\u00e9micamente como miembro de Pi Sigma Eta, la fraternidad de honor de ciencias funerarias, lo que refleja tanto su dedicaci\u00f3n como su aptitud natural para la profesi\u00f3n que eligi\u00f3.<\/p>\n<p class=\"font-claude-response-body break-words whitespace-normal leading-&#091;1.7&#093;\">Cuando no est\u00e1 en la funeraria, a Marcy se la puede encontrar jugando a los dados en una noche de juegos de mesa, probando los videojuegos m\u00e1s recientes, tejiendo a ganchillo o disfrutando de m\u00fasica en vivo en un concierto. Por encima de todo, valora mucho el tiempo que pasa con sus amigos y su familia \u2014esas mismas cualidades de conexi\u00f3n y cari\u00f1o que la convierten en la persona ideal para atender a las familias del sureste de Wisconsin.<\/p>\n<\/div><div class=\"fusion-image-element\" style=\"--awb-max-width:150px;--awb-caption-title-font-family:var(--h2_typography-font-family);--awb-caption-title-font-weight:var(--h2_typography-font-weight);--awb-caption-title-font-style:var(--h2_typography-font-style);--awb-caption-title-size:var(--h2_typography-font-size);--awb-caption-title-transform:var(--h2_typography-text-transform);--awb-caption-title-line-height:var(--h2_typography-line-height);--awb-caption-title-letter-spacing:var(--h2_typography-letter-spacing);\"><span class=\"fusion-imageframe imageframe-none imageframe-2 hover-type-none\"><img decoding=\"async\" src=\"https:\/\/www.kenoshafuneralhome.com\/wp-content\/uploads\/2022\/07\/rose@2x.jpg\" alt class=\"img-responsive\"\/><\/span><\/div><\/div><\/div><\/div><\/div><div class=\"fusion-fullwidth fullwidth-box fusion-builder-row-2 fusion-flex-container has-pattern-background has-mask-background nonhundred-percent-fullwidth non-hundred-percent-height-scrolling\" style=\"--awb-border-radius-top-left:0px;--awb-border-radius-top-right:0px;--awb-border-radius-bottom-right:0px;--awb-border-radius-bottom-left:0px;--awb-margin-top:35px;--awb-flex-wrap:wrap;\" ><div class=\"fusion-builder-row fusion-row fusion-flex-align-items-flex-start fusion-flex-content-wrap\" style=\"max-width:1248px;margin-left: calc(-4% \/ 2 );margin-right: calc(-4% \/ 2 );\"><div class=\"fusion-layout-column fusion_builder_column fusion-builder-column-2 fusion_builder_column_1_1 1_1 fusion-flex-column\" style=\"--awb-bg-size:cover;--awb-width-large:100%;--awb-margin-top-large:0px;--awb-spacing-right-large:1.92%;--awb-margin-bottom-large:20px;--awb-spacing-left-large:1.92%;--awb-width-medium:100%;--awb-order-medium:0;--awb-spacing-right-medium:1.92%;--awb-spacing-left-medium:1.92%;--awb-width-small:100%;--awb-order-small:0;--awb-spacing-right-small:1.92%;--awb-spacing-left-small:1.92%;\"><div class=\"fusion-column-wrapper fusion-column-has-shadow fusion-flex-justify-content-flex-start fusion-content-layout-column\"><div style=\"text-align:center;\"><a class=\"fusion-button button-flat fusion-button-default-size button-default fusion-button-default button-3 fusion-button-default-span fusion-button-default-type\" style=\"--button-border-radius-top-left:0;--button-border-radius-top-right:0;--button-border-radius-bottom-right:0;--button-border-radius-bottom-left:0;\" target=\"_self\" href=\"\/es\/nuestro-equipo\/\"><span class=\"fusion-button-text awb-button__text awb-button__text--default\">Conozca al resto de nuestro equipo<\/span><\/a><\/div><\/div><\/div><\/div><\/div><\/p>","protected":false},"excerpt":{"rendered":"","protected":false},"author":9,"featured_media":0,"parent":1266,"menu_order":18,"comment_status":"closed","ping_status":"closed","template":"100-width.php","meta":{"_acf_changed":false,"footnotes":""},"class_list":["post-10017","page","type-page","status-publish","hentry"],"acf":[],"yoast_head":"<!-- This site is optimized with the Yoast SEO plugin v27.2 - https:\/\/yoast.com\/product\/yoast-seo-wordpress\/ -->\n<title>Marcy Riley | Piasecki Funeral Home<\/title>\n<meta name=\"description\" content=\"Meet Marcy Riley, Funeral Director Apprentice at Piasecki Funeral Home, dedicated to serving families in Kenosha and Southeast Wisconsin with compassion and care.\" \/>\n<meta name=\"robots\" content=\"index, follow, max-snippet:-1, max-image-preview:large, max-video-preview:-1\" \/>\n<link rel=\"canonical\" href=\"https:\/\/www.kenoshafuneralhome.com\/es\/nuestro-equipo\/biografia-de-marcy-riley\/\" \/>\n<meta property=\"og:locale\" content=\"es_MX\" \/>\n<meta property=\"og:type\" content=\"article\" \/>\n<meta property=\"og:title\" content=\"Marcy Riley | Piasecki Funeral Home\" \/>\n<meta property=\"og:description\" content=\"Meet Marcy Riley, Funeral Director Apprentice at Piasecki Funeral Home, dedicated to serving families in Kenosha and Southeast Wisconsin with compassion and care.\" \/>\n<meta property=\"og:url\" content=\"https:\/\/www.kenoshafuneralhome.com\/es\/nuestro-equipo\/biografia-de-marcy-riley\/\" \/>\n<meta property=\"og:site_name\" content=\"Piasecki Funeral Home\" \/>\n<meta property=\"article:publisher\" content=\"https:\/\/www.facebook.com\/PAFuneralHome\/?fref=ts\" \/>\n<meta property=\"article:modified_time\" content=\"2026-04-01T14:25:08+00:00\" \/>\n<meta property=\"og:image\" content=\"https:\/\/www.kenoshafuneralhome.com\/wp-content\/uploads\/2021\/04\/90th-banner-retina-default-logo.png\" \/>\n\t<meta property=\"og:image:width\" content=\"518\" \/>\n\t<meta property=\"og:image:height\" content=\"266\" \/>\n\t<meta property=\"og:image:type\" content=\"image\/png\" \/>\n<meta name=\"twitter:label1\" content=\"Tiempo de lectura\" \/>\n\t<meta name=\"twitter:data1\" content=\"2 minutos\" \/>\n<script type=\"application\/ld+json\" class=\"yoast-schema-graph\">{\"@context\":\"https:\/\/schema.org\",\"@graph\":[{\"@type\":\"WebPage\",\"@id\":\"https:\/\/www.kenoshafuneralhome.com\/our-team\/marcy-riley-bio\/\",\"url\":\"https:\/\/www.kenoshafuneralhome.com\/our-team\/marcy-riley-bio\/\",\"name\":\"Marcy Riley | Piasecki Funeral Home\",\"isPartOf\":{\"@id\":\"https:\/\/www.kenoshafuneralhome.com\/#website\"},\"datePublished\":\"2026-03-04T15:28:26+00:00\",\"dateModified\":\"2026-04-01T14:25:08+00:00\",\"description\":\"Meet Marcy Riley, Funeral Director Apprentice at Piasecki Funeral Home, dedicated to serving families in Kenosha and Southeast Wisconsin with compassion and care.\",\"breadcrumb\":{\"@id\":\"https:\/\/www.kenoshafuneralhome.com\/our-team\/marcy-riley-bio\/#breadcrumb\"},\"inLanguage\":\"es\",\"potentialAction\":[{\"@type\":\"ReadAction\",\"target\":[\"https:\/\/www.kenoshafuneralhome.com\/our-team\/marcy-riley-bio\/\"]}]},{\"@type\":\"BreadcrumbList\",\"@id\":\"https:\/\/www.kenoshafuneralhome.com\/our-team\/marcy-riley-bio\/#breadcrumb\",\"itemListElement\":[{\"@type\":\"ListItem\",\"position\":1,\"name\":\"Home\",\"item\":\"https:\/\/www.kenoshafuneralhome.com\/\"},{\"@type\":\"ListItem\",\"position\":2,\"name\":\"Our Team\",\"item\":\"https:\/\/www.kenoshafuneralhome.com\/our-team\/\"},{\"@type\":\"ListItem\",\"position\":3,\"name\":\"Marcy Riley\"}]},{\"@type\":\"WebSite\",\"@id\":\"https:\/\/www.kenoshafuneralhome.com\/#website\",\"url\":\"https:\/\/www.kenoshafuneralhome.com\/\",\"name\":\"Piasecki Funeral Home\",\"description\":\"Honoring Legacies Since 1929\",\"publisher\":{\"@id\":\"https:\/\/www.kenoshafuneralhome.com\/#organization\"},\"potentialAction\":[{\"@type\":\"SearchAction\",\"target\":{\"@type\":\"EntryPoint\",\"urlTemplate\":\"https:\/\/www.kenoshafuneralhome.com\/?s={search_term_string}\"},\"query-input\":{\"@type\":\"PropertyValueSpecification\",\"valueRequired\":true,\"valueName\":\"search_term_string\"}}],\"inLanguage\":\"es\"},{\"@type\":\"Organization\",\"@id\":\"https:\/\/www.kenoshafuneralhome.com\/#organization\",\"name\":\"Piasecki Funeral Home\",\"url\":\"https:\/\/www.kenoshafuneralhome.com\/\",\"logo\":{\"@type\":\"ImageObject\",\"inLanguage\":\"es\",\"@id\":\"https:\/\/www.kenoshafuneralhome.com\/#\/schema\/logo\/image\/\",\"url\":\"https:\/\/www.kenoshafuneralhome.com\/wp-content\/uploads\/2022\/01\/90th-Banner-1-jpg.webp\",\"contentUrl\":\"https:\/\/www.kenoshafuneralhome.com\/wp-content\/uploads\/2022\/01\/90th-Banner-1-jpg.webp\",\"width\":1000,\"height\":616,\"caption\":\"Piasecki Funeral Home\"},\"image\":{\"@id\":\"https:\/\/www.kenoshafuneralhome.com\/#\/schema\/logo\/image\/\"},\"sameAs\":[\"https:\/\/www.facebook.com\/PAFuneralHome\/?fref=ts\",\"https:\/\/www.linkedin.com\/company\/piasecki-althaus-funeral-home-&amp;amp;-cremation-services\/\"]}]}<\/script>\n<!-- \/ Yoast SEO plugin. -->","yoast_head_json":{"title":"Marcy Riley | Funeraria Piasecki","description":"Les presentamos a Marcy Riley, aprendiz de directora de funeraria en la funeraria Piasecki, dedicada a atender a las familias de Kenosha y el sureste de Wisconsin con compasi\u00f3n y esmero.","robots":{"index":"index","follow":"follow","max-snippet":"max-snippet:-1","max-image-preview":"max-image-preview:large","max-video-preview":"max-video-preview:-1"},"canonical":"https:\/\/www.kenoshafuneralhome.com\/es\/nuestro-equipo\/biografia-de-marcy-riley\/","og_locale":"es_MX","og_type":"article","og_title":"Marcy Riley | Piasecki Funeral Home","og_description":"Meet Marcy Riley, Funeral Director Apprentice at Piasecki Funeral Home, dedicated to serving families in Kenosha and Southeast Wisconsin with compassion and care.","og_url":"https:\/\/www.kenoshafuneralhome.com\/es\/nuestro-equipo\/biografia-de-marcy-riley\/","og_site_name":"Piasecki Funeral Home","article_publisher":"https:\/\/www.facebook.com\/PAFuneralHome\/?fref=ts","article_modified_time":"2026-04-01T14:25:08+00:00","og_image":[{"width":518,"height":266,"url":"https:\/\/www.kenoshafuneralhome.com\/wp-content\/uploads\/2021\/04\/90th-banner-retina-default-logo.png","type":"image\/png"}],"twitter_misc":{"Tiempo de lectura":"2 minutos"},"schema":{"@context":"https:\/\/schema.org","@graph":[{"@type":"WebPage","@id":"https:\/\/www.kenoshafuneralhome.com\/our-team\/marcy-riley-bio\/","url":"https:\/\/www.kenoshafuneralhome.com\/our-team\/marcy-riley-bio\/","name":"Marcy Riley | Funeraria Piasecki","isPartOf":{"@id":"https:\/\/www.kenoshafuneralhome.com\/#website"},"datePublished":"2026-03-04T15:28:26+00:00","dateModified":"2026-04-01T14:25:08+00:00","description":"Les presentamos a Marcy Riley, aprendiz de directora de funeraria en la funeraria Piasecki, dedicada a atender a las familias de Kenosha y el sureste de Wisconsin con compasi\u00f3n y esmero.","breadcrumb":{"@id":"https:\/\/www.kenoshafuneralhome.com\/our-team\/marcy-riley-bio\/#breadcrumb"},"inLanguage":"es","potentialAction":[{"@type":"ReadAction","target":["https:\/\/www.kenoshafuneralhome.com\/our-team\/marcy-riley-bio\/"]}]},{"@type":"BreadcrumbList","@id":"https:\/\/www.kenoshafuneralhome.com\/our-team\/marcy-riley-bio\/#breadcrumb","itemListElement":[{"@type":"ListItem","position":1,"name":"Home","item":"https:\/\/www.kenoshafuneralhome.com\/"},{"@type":"ListItem","position":2,"name":"Our Team","item":"https:\/\/www.kenoshafuneralhome.com\/our-team\/"},{"@type":"ListItem","position":3,"name":"Marcy Riley"}]},{"@type":"WebSite","@id":"https:\/\/www.kenoshafuneralhome.com\/#website","url":"https:\/\/www.kenoshafuneralhome.com\/","name":"Funeraria Piasecki","description":"Honrando legados desde 1929","publisher":{"@id":"https:\/\/www.kenoshafuneralhome.com\/#organization"},"potentialAction":[{"@type":"SearchAction","target":{"@type":"EntryPoint","urlTemplate":"https:\/\/www.kenoshafuneralhome.com\/?s={search_term_string}"},"query-input":{"@type":"PropertyValueSpecification","valueRequired":true,"valueName":"search_term_string"}}],"inLanguage":"es"},{"@type":"Organization","@id":"https:\/\/www.kenoshafuneralhome.com\/#organization","name":"Funeraria Piasecki","url":"https:\/\/www.kenoshafuneralhome.com\/","logo":{"@type":"ImageObject","inLanguage":"es","@id":"https:\/\/www.kenoshafuneralhome.com\/#\/schema\/logo\/image\/","url":"https:\/\/www.kenoshafuneralhome.com\/wp-content\/uploads\/2022\/01\/90th-Banner-1-jpg.webp","contentUrl":"https:\/\/www.kenoshafuneralhome.com\/wp-content\/uploads\/2022\/01\/90th-Banner-1-jpg.webp","width":1000,"height":616,"caption":"Piasecki Funeral Home"},"image":{"@id":"https:\/\/www.kenoshafuneralhome.com\/#\/schema\/logo\/image\/"},"sameAs":["https:\/\/www.facebook.com\/PAFuneralHome\/?fref=ts","https:\/\/www.linkedin.com\/company\/piasecki-althaus-funeral-home-&amp;amp;-cremation-services\/"]}]}},"_links":{"self":[{"href":"https:\/\/www.kenoshafuneralhome.com\/es\/wp-json\/wp\/v2\/pages\/10017","targetHints":{"allow":["GET"]}}],"collection":[{"href":"https:\/\/www.kenoshafuneralhome.com\/es\/wp-json\/wp\/v2\/pages"}],"about":[{"href":"https:\/\/www.kenoshafuneralhome.com\/es\/wp-json\/wp\/v2\/types\/page"}],"author":[{"embeddable":true,"href":"https:\/\/www.kenoshafuneralhome.com\/es\/wp-json\/wp\/v2\/users\/9"}],"replies":[{"embeddable":true,"href":"https:\/\/www.kenoshafuneralhome.com\/es\/wp-json\/wp\/v2\/comments?post=10017"}],"version-history":[{"count":2,"href":"https:\/\/www.kenoshafuneralhome.com\/es\/wp-json\/wp\/v2\/pages\/10017\/revisions"}],"predecessor-version":[{"id":10332,"href":"https:\/\/www.kenoshafuneralhome.com\/es\/wp-json\/wp\/v2\/pages\/10017\/revisions\/10332"}],"up":[{"embeddable":true,"href":"https:\/\/www.kenoshafuneralhome.com\/es\/wp-json\/wp\/v2\/pages\/1266"}],"wp:attachment":[{"href":"https:\/\/www.kenoshafuneralhome.com\/es\/wp-json\/wp\/v2\/media?parent=10017"}],"curies":[{"name":"wp","href":"https:\/\/api.w.org\/{rel}","templated":true}]}}